{"id":4688,"date":"2026-03-05T00:10:27","date_gmt":"2026-03-05T08:10:27","guid":{"rendered":"https:\/\/ukrainedefensesupport.org\/?post_type=causes&#038;p=4688"},"modified":"2026-03-21T03:13:47","modified_gmt":"2026-03-21T10:13:47","slug":"help-babydoc-medic","status":"publish","type":"causes","link":"https:\/\/ukrainedefensesupport.org\/hu\/causes\/help-babydoc-medic\/","title":{"rendered":"Seg\u00edtsen egy amerikai orvosnak \u00e9leteket menteni Ukrajn\u00e1ban"},"content":{"rendered":"<p id=\"isPasted\" dir=\"ltr\">Glenna Manchego, egy Ukrajn\u00e1ban frontvonalban dolgoz\u00f3 amerikai orvos, tavaly novemberben egy r\u00f6vid ny\u00edlt levelet \u00edrt Ukrajn\u00e1nak az Instagramj\u00e1n.<\/p>\n<p dir=\"ltr\"><em>\u201cUkrajna, neked adtam a v\u00e9remet, neked adtam a verejt\u00e9kemet, neked adom mindenemet... m\u00e9g az \u00e9letemet is, \u00e9s cser\u00e9be semmit sem k\u00e9rek. A legt\u00f6bben azt k\u00e9rdezik, honnan ez az odaad\u00e1s. \u00c9s csak egy v\u00e1laszom van. Az ukr\u00e1n n\u00e9p.\u201d<\/em><\/p>\n<figure style=\"width: 585px\" class=\"wp-caption alignnone\"><img decoding=\"async\" class=\"fr-draggable\" src=\"https:\/\/donorbox.org\/campaigns\/assets\/YAiDpOXQQKCVfw8CJH4g?resize=true\" alt=\"medic Glenna\" width=\"585\" height=\"390\" \/><figcaption class=\"wp-caption-text\">Glenna \u201cBaby Doc\u201d orvosn\u0151\u201d<\/figcaption><\/figure>\n<h2 dir=\"ltr\" style=\"text-align: left;\">Glenna medic hihetetlen t\u00f6rt\u00e9nete<\/h2>\n<p dir=\"ltr\">Glenna, a Baby Doc h\u00edv\u00f3jel\u0171 n\u0151, Oroszorsz\u00e1g 2022 febru\u00e1ri teljes k\u00f6r\u0171 inv\u00e1zi\u00f3ja \u00f3ta ment \u00e9leteket Ukrajn\u00e1ban. T\u00f6bb nagyon vesz\u00e9lyes z\u00f3n\u00e1ban is dolgozott az els\u0151 vonalbeli orvosi \u201cstabiliz\u00e1ci\u00f3s pontokon\u201d vagy \u201csz\u00far\u00e1si pontokon\u201d. Az Ukraine Defense Support biztos\u00edtotta sz\u00e1m\u00e1ra a sz\u00e1m\u00e1ra \u00e9s csapat\u00e1nak sz\u00fcks\u00e9ges orvosi felszerel\u00e9sek \u00e9s kell\u00e9kek egy r\u00e9sz\u00e9t, bele\u00e9rtve a betegmonitorokat, oxig\u00e9nkoncentr\u00e1torokat, egy Humvee ment\u0151aut\u00f3t \u00e9s sok m\u00e1st.<\/p>\n<p><img decoding=\"async\" class=\"fr-draggable\" src=\"https:\/\/donorbox.org\/campaigns\/assets\/6NSFdfpT6Os4qzKSBMzX?resize=true\" \/><\/p>\n<p dir=\"ltr\">Tavaly novemberben Oroszorsz\u00e1g bomb\u00e1zta azt a d\u00f6f\u00e9spontot, ahol dolgozott. Baby Doc \u00e9s teljes csapata agyr\u00e1zk\u00f3d\u00e1ssal \u00e9lte t\u00fal a balesetet, az aneszteziol\u00f3gusuk pedig k\u00e9t l\u00e1bt\u00f6r\u00e9st szenvedett. \u00d6sszet\u00f6rt a sz\u00edv\u00fcnk, de tudtuk, hogy Baby Doc \u00e9s csapata ereje k\u00e9pess\u00e9 teszi \u0151ket arra, hogy a gy\u00f3gyul\u00e1suk ut\u00e1n is \u00e9leteket mentsenek.<\/p>\n<p dir=\"ltr\">\u00c9s miut\u00e1n a csapat nagy r\u00e9sze ezzel v\u00e9gzett, a m\u00falt h\u00f3napban egy \u00faj k\u00e9sel\u00e9si pontot nyitottak. Azt is bomb\u00e1zta Oroszorsz\u00e1g, ez\u00fattal a csapat orvos\u00e1t s\u00falyosan megsebes\u00edtve. \u00dajra \u00f6sszet\u00f6rt a sz\u00edv\u00fcnk.<\/p>\n<p dir=\"ltr\">Baby Docnak esze \u00e1g\u00e1ban sincs elmenni, \u00e9s csapat\u00e1val egy\u00fctt egy \u00faj sz\u00far\u00f3pont megnyit\u00e1s\u00e1n dolgozik, mik\u00f6zben a k\u00f3rh\u00e1zban megl\u00e1togatja a csapat orvos\u00e1t \u00e9s seg\u00edt az ell\u00e1t\u00e1s\u00e1ban. Az UDS-n\u00e9l mindannyian elk\u00f6telezettek vagyunk abban, hogy ell\u00e1ssuk \u0151t a sz\u00fcks\u00e9ges orvosi felszerel\u00e9sekkel \u00e9s felszerel\u00e9sekkel.<\/p>\n<p dir=\"ltr\">K\u00e9rj\u00fck, adom\u00e1nyozzon, hogy \u00e9letment\u0151 eszk\u00f6z\u00f6ket biztos\u00edtson Baby Docnak \u00e9s hihetetlen\u00fcl b\u00e1tor \u00e9s elk\u00f6telezett csapat\u00e1nak. T\u00f6bbek k\u00f6z\u00f6tt a k\u00f6vetkez\u0151kre van sz\u00fcks\u00e9g\u00fck:<\/p>\n<ul>\n<li dir=\"ltr\">Defibrill\u00e1tor<\/li>\n<li dir=\"ltr\">Ventil\u00e1tor<\/li>\n<li dir=\"ltr\">Betegmonitorok<\/li>\n<li dir=\"ltr\">Oxig\u00e9nberendez\u00e9s<\/li>\n<li dir=\"ltr\">Gurneys<\/li>\n<li dir=\"ltr\">Szem\u00e9lyi v\u00e9d\u0151felszerel\u00e9s<\/li>\n<li dir=\"ltr\">Ment\u0151aut\u00f3-jav\u00edt\u00e1s<\/li>\n<li dir=\"ltr\">Sokkal t\u00f6bb!<\/li>\n<\/ul>\n<p dir=\"ltr\">Azt szerett\u00fck volna, ha a kamp\u00e1ny c\u00edme \u201cSeg\u00edts egy h\u0151snek \u00e9leteket menteni Ukrajn\u00e1ban\u201d, de tudjuk, hogy Baby Doc soha nem nevezn\u00e9 mag\u00e1t h\u0151snek. Mi \u00fagy gondoljuk, hogy az, de tiszteletben tartjuk a k\u00edv\u00e1ns\u00e1gait \u00e9s a szolg\u00e1lat\u00e1t. K\u00e9rj\u00fck, adakozz! Nincs t\u00fal kicsi adom\u00e1ny.<\/p>","protected":false},"author":26,"featured_media":4689,"template":"","meta":{"_acf_changed":false},"class_list":["post-4688","causes","type-causes","status-publish","has-post-thumbnail","hentry"],"acf":[],"_links":{"self":[{"href":"https:\/\/ukrainedefensesupport.org\/hu\/wp-json\/wp\/v2\/causes\/4688","targetHints":{"allow":["GET"]}}],"collection":[{"href":"https:\/\/ukrainedefensesupport.org\/hu\/wp-json\/wp\/v2\/causes"}],"about":[{"href":"https:\/\/ukrainedefensesupport.org\/hu\/wp-json\/wp\/v2\/types\/causes"}],"author":[{"embeddable":true,"href":"https:\/\/ukrainedefensesupport.org\/hu\/wp-json\/wp\/v2\/users\/26"}],"wp:featuredmedia":[{"embeddable":true,"href":"https:\/\/ukrainedefensesupport.org\/hu\/wp-json\/wp\/v2\/media\/4689"}],"wp:attachment":[{"href":"https:\/\/ukrainedefensesupport.org\/hu\/wp-json\/wp\/v2\/media?parent=4688"}],"curies":[{"name":"munkaf\u00fczet","href":"https:\/\/api.w.org\/{rel}","templated":true}]}}