{"id":4691,"date":"2026-03-05T00:21:23","date_gmt":"2026-03-05T08:21:23","guid":{"rendered":"https:\/\/ukrainedefensesupport.org\/?post_type=causes&#038;p=4691"},"modified":"2026-03-21T03:21:59","modified_gmt":"2026-03-21T10:21:59","slug":"power-for-ukraine","status":"publish","type":"causes","link":"https:\/\/ukrainedefensesupport.org\/hu\/causes\/power-for-ukraine\/","title":{"rendered":"Er\u0151t Ukrajn\u00e1nak"},"content":{"rendered":"<div class=\"elementor-element elementor-element-f9ccd2b elementor-widget elementor-widget-heading\" data-id=\"f9ccd2b\" data-element_type=\"widget\" data-e-type=\"widget\" data-widget_type=\"heading.default\">\n<h3 class=\"elementor-widget-container\" style=\"text-align: left;\"><strong>A t\u00e9l fegyver. Seg\u00edts melegen tartani Ukrajn\u00e1t.<\/strong><\/h3>\n<\/div>\n<div class=\"elementor-element elementor-element-97d63fb elementor-widget-mobile__width-inherit elementor-widget elementor-widget-text-editor\" data-id=\"97d63fb\" data-element_type=\"widget\" data-e-type=\"widget\" data-widget_type=\"text-editor.default\">\n<div class=\"elementor-widget-container\">\n<p dir=\"ltr\">Oroszorsz\u00e1g szinte minden \u00e9jjel megt\u00e1madja Ukrajna energiarendszereit. A c\u00e9l az ukr\u00e1nok megfagyaszt\u00e1sa. Seg\u00edthet\u00fcnk nekik gener\u00e1torok, k\u00fcls\u0151 akkumul\u00e1torok \u00e9s akkumul\u00e1torok biztos\u00edt\u00e1s\u00e1val. Ezek a k\u00e9szletek seg\u00edtenek majd \u00e9leteket menteni Ukrajn\u00e1ban, \u00e9s lehet\u0151v\u00e9 teszik Ukrajna v\u00e9d\u0151i sz\u00e1m\u00e1ra, hogy folytathass\u00e1k a szabads\u00e1g\u00e9rt folytatott harcot.<\/p>\n<p dir=\"ltr\">Egy tipikus l\u00e9gicsap\u00e1s t\u00e9rk\u00e9pe:<\/p>\n<p dir=\"ltr\"><img decoding=\"async\" class=\"fr-draggable lazyloaded\" src=\"https:\/\/donorbox.org\/campaigns\/assets\/njruX41iReFIA6CHFap8?resize=true\" data-src=\"https:\/\/donorbox.org\/campaigns\/assets\/njruX41iReFIA6CHFap8?resize=true\" \/><\/p>\n<p dir=\"ltr\">Az Ukrajna V\u00e9delmi T\u00e1mogat\u00e1sa Misszi\u00f3 (UDS) elind\u00edtja az \u201cEnergia Ukrajn\u00e1nak\u201d elnevez\u00e9s\u0171 programot, amelynek c\u00e9lja 15 000 doll\u00e1ros befektet\u00e9s energiafelhaszn\u00e1l\u00e1si eszk\u00f6z\u00f6k v\u00e1s\u00e1rl\u00e1s\u00e1ra. Az energia f\u00e9nyt \u00e9s meleget ad az ukr\u00e1noknak, \u00edgy \u00e9leteket ment.<\/p>\n<p dir=\"ltr\">Az Ukr\u00e1n L\u00e9gi\u00f3val, megb\u00edzhat\u00f3 nonprofit partner\u00fcnkkel m\u0171k\u00f6d\u00fcnk egy\u00fctt Ukrajn\u00e1ban a k\u00f6vetkez\u0151k beszerz\u00e9se \u00e9s kisz\u00e1ll\u00edt\u00e1sa \u00e9rdek\u00e9ben:<\/p>\n<ul>\n<li dir=\"ltr\">\n<p dir=\"ltr\">Akkumul\u00e1torok \u00e9s k\u00fcls\u0151 akkumul\u00e1torok: Annak \u00e9rdek\u00e9ben, hogy a kommunik\u00e1ci\u00f3s vonalak nyitva maradjanak az orvosok sz\u00e1m\u00e1ra.<\/p>\n<\/li>\n<li dir=\"ltr\">\n<p dir=\"ltr\">Gener\u00e1torok: V\u00e9szhelyzeti mened\u00e9khelyek \u00e9s stabiliz\u00e1ci\u00f3s pontok megvil\u00e1g\u00edt\u00e1s\u00e1ra.<\/p>\n<\/li>\n<li dir=\"ltr\">\n<p dir=\"ltr\">F\u0171t\u0151berendez\u00e9sek: Az emberek v\u00e9delme a kih\u0171l\u00e9st\u0151l \u00e9s a rosszabb \u00e1llapott\u00f3l<\/p>\n<\/li>\n<\/ul>\n<p>A kamp\u00e1nyt az UDS-t\u0151l Borys Lebeda \u00e9s Marcia Jacobs vezetik, akik egy szem\u00e9lyes t\u00f6rt\u00e9netet osztanak meg olyan emberekr\u0151l, akiket orosz csap\u00e1sok \u00e9rtek, \u00e9s akik az \u00d6n\u00f6k t\u00e1mogat\u00e1s\u00e1ra v\u00e1rnak.<\/p>\n<p dir=\"ltr\">\u00c1tl\u00e1that\u00f3s\u00e1g \u00e9s hat\u00e1s<\/p>\n<p dir=\"ltr\">Az UDS nem hal\u00e1los seg\u00edts\u00e9get ny\u00fajt \u00e9s fel\u00fcgyeli ezt a kezdem\u00e9nyez\u00e9st. A kamp\u00e1ny v\u00e9g\u00e9n megosztunk egy vide\u00f3s besz\u00e1mol\u00f3t, amely bemutatja a felszerel\u00e9sek frontvonalhoz val\u00f3 sz\u00e1ll\u00edt\u00e1s\u00e1t.<\/p>\n<p dir=\"ltr\">Az adom\u00e1nyoddal mened\u00e9khelyeket, stabiliz\u00e1ci\u00f3s pontokat \u00e9s egyebeket meleg\u00edthetsz. L\u00e9legeztet\u0151g\u00e9peket, r\u00e1di\u00f3kat, dr\u00f3nzavar\u00f3kat stb. fogsz tudni m\u0171k\u00f6dtetni bel\u0151le.<\/p>\n<p dir=\"ltr\">Az er\u0151 \u00e9leteket ment!<\/p>\n<\/div>\n<\/div>","protected":false},"author":26,"featured_media":4692,"template":"","meta":{"_acf_changed":false},"class_list":["post-4691","causes","type-causes","status-publish","has-post-thumbnail","hentry"],"acf":[],"_links":{"self":[{"href":"https:\/\/ukrainedefensesupport.org\/hu\/wp-json\/wp\/v2\/causes\/4691","targetHints":{"allow":["GET"]}}],"collection":[{"href":"https:\/\/ukrainedefensesupport.org\/hu\/wp-json\/wp\/v2\/causes"}],"about":[{"href":"https:\/\/ukrainedefensesupport.org\/hu\/wp-json\/wp\/v2\/types\/causes"}],"author":[{"embeddable":true,"href":"https:\/\/ukrainedefensesupport.org\/hu\/wp-json\/wp\/v2\/users\/26"}],"wp:featuredmedia":[{"embeddable":true,"href":"https:\/\/ukrainedefensesupport.org\/hu\/wp-json\/wp\/v2\/media\/4692"}],"wp:attachment":[{"href":"https:\/\/ukrainedefensesupport.org\/hu\/wp-json\/wp\/v2\/media?parent=4691"}],"curies":[{"name":"munkaf\u00fczet","href":"https:\/\/api.w.org\/{rel}","templated":true}]}}