{"id":1359,"date":"2024-11-30T16:49:04","date_gmt":"2024-11-30T14:49:04","guid":{"rendered":"https:\/\/ukrainedefensesupport.org\/?post_type=ev&#038;p=1359"},"modified":"2025-01-09T06:26:18","modified_gmt":"2025-01-09T14:26:18","slug":"international-human-rights-day","status":"publish","type":"ev","link":"https:\/\/ukrainedefensesupport.org\/ro\/ev\/international-human-rights-day\/","title":{"rendered":"Ziua Interna\u021bional\u0103 a Drepturilor Omului"},"content":{"rendered":"<div class=\"xdj266r x11i5rnm xat24cr x1mh8g0r x1vvkbs\">Iranienii \u0219i ucrainenii stau \u00eempreun\u0103<br class=\"html-br\" \/>Uni\u021bi pentru Libertate\u00a0<span class=\"html-span xexx8yu x4uap5 x18d9i69 xkhd6sd x1hl2dhg x16tdsg8 x1vvkbs x3nfvp2 x1j61x8r x1fcty0u xdj266r xat24cr xgzva0m xhhsvwb xxymvpz xlup9mm x1kky2od\"><img decoding=\"async\" class=\"xz74otr\" src=\"https:\/\/static.xx.fbcdn.net\/images\/emoji.php\/v9\/t1b\/1\/16\/270a_1f3fc.png\" alt=\"\u270a\ud83c\udffc\" width=\"16\" height=\"16\" \/><\/span><span class=\"html-span xexx8yu x4uap5 x18d9i69 xkhd6sd x1hl2dhg x16tdsg8 x1vvkbs x3nfvp2 x1j61x8r x1fcty0u xdj266r xat24cr xgzva0m xhhsvwb xxymvpz xlup9mm x1kky2od\"><img decoding=\"async\" class=\"xz74otr\" src=\"https:\/\/static.xx.fbcdn.net\/images\/emoji.php\/v9\/t1b\/1\/16\/270a_1f3fc.png\" alt=\"\u270a\ud83c\udffc\" width=\"16\" height=\"16\" \/><\/span><span class=\"html-span xexx8yu x4uap5 x18d9i69 xkhd6sd x1hl2dhg x16tdsg8 x1vvkbs x3nfvp2 x1j61x8r x1fcty0u xdj266r xat24cr xgzva0m xhhsvwb xxymvpz xlup9mm x1kky2od\"><img decoding=\"async\" class=\"xz74otr\" src=\"https:\/\/static.xx.fbcdn.net\/images\/emoji.php\/v9\/t1b\/1\/16\/270a_1f3fc.png\" alt=\"\u270a\ud83c\udffc\" width=\"16\" height=\"16\" \/><\/span><\/div>\n<div class=\"x11i5rnm xat24cr x1mh8g0r x1vvkbs xtlvy1s\">Al\u0103tura\u021bi-v\u0103 nou\u0103 pentru un eveniment puternic al\u0103turi de ucraineni \u0219i iranieni, pentru a ne opune tiraniei \u0219i opresiunii. \u00cempreun\u0103, ne ridic\u0103m vocile \u00eempotriva invaziei Ucrainei de c\u0103tre Putin \u0219i a represiunii Republicii Islamice \u00een Iran \u0219i a crimelor sale din \u00eentreaga lume.<\/div>\n<div class=\"x11i5rnm xat24cr x1mh8g0r x1vvkbs xtlvy1s\">Data \u0219i ora:<br class=\"html-br\" \/>8 decembrie<br class=\"html-br\" \/>10:00-14:00 Art\u0103 \u0219i Expozi\u021bie<br class=\"html-br\" \/>14:30-15:30: Miting<\/div>\n<div class=\"x11i5rnm xat24cr x1mh8g0r x1vvkbs xtlvy1s\">Acesta este un apel la unitate, dreptate \u0219i libertate.<br class=\"html-br\" \/>\u00cempreun\u0103, vom:<\/div>\n<div class=\"x11i5rnm xat24cr x1mh8g0r x1vvkbs xtlvy1s\">\u2022 Onora\u021bi rezisten\u021ba poporului iranian \u0219i ucrainean.<br class=\"html-br\" \/>\u2022 \u00cemp\u0103rt\u0103\u0219i\u021bi pove\u0219ti despre curaj \u0219i rezisten\u021b\u0103.<br class=\"html-br\" \/>\u2022 Amplificarea luptei pentru democra\u021bie \u0219i drepturile omului.<\/div>\n<div class=\"x11i5rnm xat24cr x1mh8g0r x1vvkbs xtlvy1s\">Adu-\u021bi energia, vocea \u0219i speran\u021ba pentru o lume mai bun\u0103. Hai s\u0103 ar\u0103t\u0103m puterea solidarit\u0103\u021bii.<\/div>\n<div class=\"x11i5rnm xat24cr x1mh8g0r x1vvkbs xtlvy1s\">Libertatea nu cunoa\u0219te grani\u021be.<\/div>","protected":false},"featured_media":3680,"menu_order":0,"template":"","format":"standard","category_":[23,45],"class_list":["post-1359","ev","type-ev","status-publish","format-standard","has-post-thumbnail","hentry","category_-events","category_-partnership-event"],"acf":[],"_links":{"self":[{"href":"https:\/\/ukrainedefensesupport.org\/ro\/wp-json\/wp\/v2\/ev\/1359","targetHints":{"allow":["GET"]}}],"collection":[{"href":"https:\/\/ukrainedefensesupport.org\/ro\/wp-json\/wp\/v2\/ev"}],"about":[{"href":"https:\/\/ukrainedefensesupport.org\/ro\/wp-json\/wp\/v2\/types\/ev"}],"version-history":[{"count":0,"href":"https:\/\/ukrainedefensesupport.org\/ro\/wp-json\/wp\/v2\/ev\/1359\/revisions"}],"wp:featuredmedia":[{"embeddable":true,"href":"https:\/\/ukrainedefensesupport.org\/ro\/wp-json\/wp\/v2\/media\/3680"}],"wp:attachment":[{"href":"https:\/\/ukrainedefensesupport.org\/ro\/wp-json\/wp\/v2\/media?parent=1359"}],"wp:term":[{"taxonomy":"category_","embeddable":true,"href":"https:\/\/ukrainedefensesupport.org\/ro\/wp-json\/wp\/v2\/category_?post=1359"}],"curies":[{"name":"wp","href":"https:\/\/api.w.org\/{rel}","templated":true}]}}