{"id":4451,"date":"2025-08-27T15:29:20","date_gmt":"2025-08-27T22:29:20","guid":{"rendered":"https:\/\/ukrainedefensesupport.org\/?post_type=ev&#038;p=4451"},"modified":"2025-08-27T15:29:20","modified_gmt":"2025-08-27T22:29:20","slug":"visit-uds-at-the-ukrainian-international-festival","status":"publish","type":"ev","link":"https:\/\/ukrainedefensesupport.org\/ro\/ev\/visit-uds-at-the-ukrainian-international-festival\/","title":{"rendered":"\ud83c\uddfa\ud83c\udde6 Vizita\u021bi UDS la Festivalul Interna\u021bional Ucrainean! \ud83c\uddfa\ud83c\uddf8"},"content":{"rendered":"<p>Al\u0103tura\u021bi-v\u0103 Ucrainei Defense Support la Festivalul Interna\u021bional Ucrainean din Bellevue din 2025! Vom avea un cort toat\u0103 ziua, vom \u00eemp\u0103rt\u0103\u0219i misiunea noastr\u0103, vom r\u0103spunde la \u00eentreb\u0103ri \u0219i vom ar\u0103ta cum voluntarii locali ofer\u0103 ajutoare vitale Ucrainei - \u0219i cum pute\u021bi face parte din acest proces.<\/p>\n<p>\ud83d\uddd3 C\u00e2nd: S\u00e2mb\u0103t\u0103, 6 septembrie | 10:00 AM \u2013 7:30 PM PDT<\/p>\n<p>\ud83d\udccd Unde: Bellevue Downtown Park, 10201 NE 4th St, Bellevue, WA 98004<br \/>\n\ud83d\udccd <a class=\"text-blue underline focus-visible\" contenteditable=\"plaintext-only\" href=\"https:\/\/maps.app.goo.gl\/sPZ9FKHsb18qEXL57\" target=\"_blank\" rel=\"noreferrer noopener\">https:\/\/maps.app.goo.gl\/sPZ9FKHsb18qEXL57<\/a><\/p>\n<p>\ud83c\udfaf C\u0103uta\u021bi marele banner UDS \u0219i steagurile ucrainene \u2014 cortul nostru va fi greu de ratat!<\/p>\n<p>\ud83d\udd17 Evenimentul UDS pe Facebook: <a class=\"text-blue underline focus-visible\" contenteditable=\"plaintext-only\" href=\"https:\/\/fb.me\/e\/32TRSX6bo\" target=\"_blank\" rel=\"noreferrer noopener\">https:\/\/fb.me\/e\/32TRSX6bo<\/a><br \/>\n\ud83d\udd17 Program: <a class=\"text-blue underline focus-visible\" contenteditable=\"plaintext-only\" href=\"https:\/\/ukrainiansociety.org\/festival\" target=\"_blank\" rel=\"noreferrer noopener\">https:\/\/ukrainiansociety.org\/festival<\/a><\/p>\n<p>Bucura\u021bi-v\u0103 de m\u00e2ncare autentic\u0103 ucrainean\u0103, muzic\u0103, dans, me\u0219te\u0219uguri \u0219i activit\u0103\u021bi de familie \u2014 apoi trece\u021bi pe la cortul nostru pentru a ne saluta, a lua un flutura\u0219 \u0219i a v\u0103 ar\u0103ta sprijinul pentru Ucraina.<\/p>","protected":false},"featured_media":4452,"menu_order":0,"template":"","format":"standard","category_":[],"class_list":["post-4451","ev","type-ev","status-publish","format-standard","has-post-thumbnail","hentry"],"acf":[],"_links":{"self":[{"href":"https:\/\/ukrainedefensesupport.org\/ro\/wp-json\/wp\/v2\/ev\/4451","targetHints":{"allow":["GET"]}}],"collection":[{"href":"https:\/\/ukrainedefensesupport.org\/ro\/wp-json\/wp\/v2\/ev"}],"about":[{"href":"https:\/\/ukrainedefensesupport.org\/ro\/wp-json\/wp\/v2\/types\/ev"}],"version-history":[{"count":0,"href":"https:\/\/ukrainedefensesupport.org\/ro\/wp-json\/wp\/v2\/ev\/4451\/revisions"}],"wp:featuredmedia":[{"embeddable":true,"href":"https:\/\/ukrainedefensesupport.org\/ro\/wp-json\/wp\/v2\/media\/4452"}],"wp:attachment":[{"href":"https:\/\/ukrainedefensesupport.org\/ro\/wp-json\/wp\/v2\/media?parent=4451"}],"wp:term":[{"taxonomy":"category_","embeddable":true,"href":"https:\/\/ukrainedefensesupport.org\/ro\/wp-json\/wp\/v2\/category_?post=4451"}],"curies":[{"name":"wp","href":"https:\/\/api.w.org\/{rel}","templated":true}]}}